{"id":789,"date":"2018-08-29T14:56:28","date_gmt":"2018-08-29T17:56:28","guid":{"rendered":"https:\/\/cwilliams-bue.infd.edu.ar\/sitio\/cooperadora\/"},"modified":"2025-08-19T15:58:37","modified_gmt":"2025-08-19T18:58:37","slug":"cooperadora","status":"publish","type":"page","link":"https:\/\/cwilliams-bue.infd.edu.ar\/sitio\/cooperadora\/","title":{"rendered":"Cooperadora"},"content":{"rendered":"<p><span style=\"color: #000000;\"><strong><span style=\"color: #ff6600; font-size: 14pt;\">Miembros cooperadora 2025<\/span><\/strong><\/span><\/p>\n<table style=\"width: 94%;\" border=\"0\" cellspacing=\"0\" cellpadding=\"0\">\n<tbody>\n<tr style=\"height: 12px;\">\n<td class=\"style14\" style=\"height: 12px;\" width=\"41%\"><span style=\"color: #000000;\"><strong><span style=\"color: #000000;\">Cargo<\/span><\/strong><\/span><\/td>\n<td class=\"style14\" style=\"height: 12px;\" width=\"56%\"><span style=\"color: #000000;\"><strong><span style=\"color: #000000;\">Nombre<\/span><\/strong><\/span><\/td>\n<\/tr>\n<tr style=\"height: 12px;\">\n<td class=\"style14\" style=\"height: 12px;\" width=\"41%\"><strong><span style=\"color: #000000;\">Presidente<\/span><\/strong><\/td>\n<td class=\"style14\" style=\"height: 12px;\" width=\"56%\"><span style=\"color: #000000;\">Coire, Nahuel\u00a0<\/span><\/td>\n<\/tr>\n<tr style=\"height: 12px;\">\n<td class=\"style14\" style=\"height: 12px;\" width=\"41%\"><strong><span style=\"color: #000000;\">Vicepresidente<\/span><\/strong><\/td>\n<td class=\"style14\" style=\"height: 12px;\" width=\"56%\"><\/td>\n<\/tr>\n<tr style=\"height: 12px;\">\n<td class=\"style14\" style=\"height: 12px;\" width=\"41%\"><strong><span style=\"color: #000000;\">Secretario<\/span><\/strong><\/td>\n<td class=\"style14\" style=\"height: 12px;\" width=\"56%\">Santorelli, Antonela<\/td>\n<\/tr>\n<tr style=\"height: 12px;\">\n<td class=\"style14\" style=\"height: 12px;\" width=\"41%\"><strong><span style=\"color: #000000;\">Tesorero<\/span><\/strong><\/td>\n<td class=\"style14\" style=\"height: 12px;\" width=\"56%\">Canosa, Patricia<\/td>\n<\/tr>\n<tr style=\"height: 12px;\">\n<td class=\"style14\" style=\"height: 12px;\" width=\"41%\"><strong><span style=\"color: #000000;\">Protesorero<\/span><\/strong><\/td>\n<td class=\"style14\" style=\"height: 12px;\" width=\"56%\">Rojas, Antonela<\/td>\n<\/tr>\n<tr style=\"height: 12px;\">\n<td class=\"style14\" style=\"height: 12px;\" width=\"41%\"><strong><span style=\"color: #000000;\">Vocal titular<\/span><\/strong><\/td>\n<td class=\"style14\" style=\"height: 12px;\" width=\"56%\">Gomez, Pablo<\/td>\n<\/tr>\n<tr style=\"height: 12px;\">\n<td class=\"style14\" style=\"height: 12px;\" width=\"41%\"><strong><span style=\"color: #000000;\">Vocal titular<\/span><\/strong><\/td>\n<td class=\"style14\" style=\"height: 12px;\" width=\"56%\">Quiroz, Valeria<\/td>\n<\/tr>\n<tr style=\"height: 12px;\">\n<td class=\"style14\" style=\"height: 12px;\" width=\"41%\"><strong><span style=\"color: #000000;\">Vocal titular<\/span><\/strong><\/td>\n<td class=\"style14\" style=\"height: 12px;\" width=\"56%\">Giuliano, David<\/td>\n<\/tr>\n<tr style=\"height: 12px;\">\n<td class=\"style14\" style=\"height: 12px;\" width=\"41%\"><strong><span style=\"color: #000000;\">Vocal suplente<\/span><\/strong><\/td>\n<td class=\"style14\" style=\"height: 12px;\" width=\"56%\">Banchero, Candela<\/td>\n<\/tr>\n<tr style=\"height: 12px;\">\n<td class=\"style14\" style=\"height: 12px;\" width=\"41%\"><strong><span style=\"color: #000000;\">Vocal suplente<\/span><\/strong><\/td>\n<td class=\"style14\" style=\"height: 12px;\" width=\"56%\"><\/td>\n<\/tr>\n<tr style=\"height: 12px;\">\n<td class=\"style14\" style=\"height: 12px;\" width=\"41%\"><strong><span style=\"color: #000000;\">Vocal suplente<\/span><\/strong><\/td>\n<td class=\"style14\" style=\"height: 12px;\" width=\"56%\"><\/td>\n<\/tr>\n<tr style=\"height: 12px;\">\n<td class=\"style14\" style=\"height: 12px;\" width=\"41%\"><strong><span style=\"color: #000000;\">Revisor de Ctas. Titular docente<\/span><\/strong><\/td>\n<td class=\"style14\" style=\"height: 12px;\" width=\"56%\"><\/td>\n<\/tr>\n<tr style=\"height: 12px;\">\n<td class=\"style14\" style=\"height: 12px;\" width=\"41%\"><strong><span style=\"color: #000000;\">Revisor de Ctas. Titular<\/span><\/strong><\/td>\n<td class=\"style14\" style=\"height: 12px;\" width=\"56%\"><\/td>\n<\/tr>\n<tr style=\"height: 12px;\">\n<td class=\"style14\" style=\"height: 12px;\" width=\"41%\"><strong><span style=\"color: #000000;\">Revisor de Ctas. Suplente<\/span><\/strong><\/td>\n<td class=\"style14\" style=\"height: 12px;\" width=\"56%\"><\/td>\n<\/tr>\n<tr style=\"height: 12px;\">\n<td class=\"style14\" style=\"height: 12px;\" width=\"41%\"><strong><span style=\"color: #000000;\">Asesor<\/span><\/strong><\/td>\n<td class=\"style14\" style=\"height: 12px;\" width=\"56%\">Avelino, Mariana<\/td>\n<\/tr>\n<\/tbody>\n<\/table>\n<p><span style=\"color: #ff6600; font-size: 14pt;\"><strong>Estatuto<\/strong><\/span><br \/>\n<span style=\"color: #000000;\"><strong>OBJETIVOS DE LA ENTIDAD<br \/>\n<\/strong><\/span><\/p>\n<p><span style=\"color: #000000;\">ART\u00cdCULO\u00a0 1\u00b0:\u00a0Los Objetivos de la Entidad, en cumplimiento del principio general sancionado en el Art\u00edculo 1\u00b0 del Decreto 4767\/72 y su modificatorio Decreto 355\/73, ser\u00e1n las prestaciones y servicios de ayuda escolar que a continuaci\u00f3n\u00a0 se detallan, condicionados a las necesidades del medio social en que se desenvuelven y las particularidades de los ciclos de ense\u00f1anza:\u00a0<\/span><\/p>\n<p><span style=\"color: #000000;\">a)\u00a0\u00a0\u00a0\u00a0\u00a0\u00a0Coordinar su actividad con los sectores econ\u00f3micos de la comunidad, a efectos de servir de agente laboral de los alumnos o padres cuando lo soliciten o las circunstancias lo requieran.<br \/>\nb) Financiar, administrar o participar en Comedores Escolares Unitarios o Centralizados, o en los Servicios que los sustituyan.<br \/>\nc) Establecer un sistema de becas que factibilicen la prosecuci\u00f3n de los estudios de los alumnos que pudiesen necesitar ese apoyo.<br \/>\nd) Establecer, donde los hubiese, Servicio de Asistencia M\u00e9dica integral, total o parcialmente gratuitos, de acuerdo a las posibilidades de cada educando.<br \/>\ne) Financiar o cooperar en la financiaci\u00f3n\u00a0 de los Planes de Turismo o excursiones educativas.<br \/>\nf) Distribuir entre los alumnos\u00a0 que no puedan adquirirlos, \u00fatiles, libros y dem\u00e1s elementos did\u00e1cticos y procurar su venta a un precio razonable entre el resto, en este caso con sujeci\u00f3n a las normas de la Resoluci\u00f3n Ministerial N\u00b0 695\/69,<br \/>\ng) Promover actividades extra &#8211; escolares\u00a0 para los alumnos, en los cuales, el aspecto pedag\u00f3gico se hallar\u00e1 a cargo de los docentes que designe la Inspecci\u00f3n de Ense\u00f1anza respectiva.<br \/>\nh) Contribuir al quehacer\u00a0 educacional mediante la adquisici\u00f3n del material necesario y mantenimiento del edificio escolar,<br \/>\ni) Encarar o propiciar toda otra forma de asistencia al educando o sus familias, que tienda a hacer cumplir con lo enunciado en el Art\u00edculo 1\u00b0 del Decreto 4767\/72 y su modificatorio Decreto 355\/73.<\/span><\/p>\n<p><span style=\"color: #000000;\"><strong>DE LA COMISION DIRECTIVA<\/strong><\/span><\/p>\n<p><span style=\"color: #000000;\">ART\u00cdCULO 2\u00b0:\u00a0El \u00d3rgano Directivo de la Asociaci\u00f3n Cooperadora estar\u00e1 constitu\u00eddo por una Comisi\u00f3n Directiva, la cual tendr\u00e1 todas las atribuciones\u00a0 que no se hallen limitadas por el Decreto 4767\/72 y su modificatorio Decreto 355\/73, las Resoluciones y Disposiciones dictadas y que en adelante se dicten, los Estatutos Sociales y decisiones de Asambleas legalmente constitu\u00eddas.<\/span><\/p>\n<p><span style=\"color: #000000;\">ART\u00cdCULO 3\u00b0: La Administraci\u00f3n de la Entidad estar\u00e1 a cargo de la Comisi\u00f3n Directiva\u00a0 integrada por:\u00a0 un Presidente, un Secretario, un Tesorero, tres Vocales Titulares y dos Vocales Suplentes.<\/span><\/p>\n<p><span style=\"color: #000000;\">ART\u00cdCULO 4\u00b0:\u00a0La Comisi\u00f3n Directiva durar\u00e1 en sus funciones dos (2) a\u00f1os, renov\u00e1ndose por mitades cada a\u00f1o en la Asamblea Anual Ordinaria\u00a0 de socios, determin\u00e1ndose por sorteo la duraci\u00f3n de los mandatos y en adelante se respetar\u00e1 teniendo en cuenta este primero.<\/span><\/p>\n<p><span style=\"color: #000000;\">ART\u00cdCULO 5\u00b0: Los miembros de la Comisi\u00f3n Directiva podr\u00e1n ser reelectos.<\/span><\/p>\n<p><span style=\"color: #000000;\">ART\u00cdCULO 6\u00b0:\u00a0Los cargos de Presidente, Tesorero, Revisor de Cuentas y Asesor son incompatibles para c\u00f3nyuges y parientes hasta segundo grado de consanguinidad. Para el caso que el Secretario sea c\u00f3nyuge o pariente hasta segundo grado de consanguinidad de Presidente o Tesorero deber\u00e1 abstenerse de firmar cheques en forma conjunta con\u00a0 \u00e9l.<\/span><\/p>\n<p><span style=\"color: #000000;\"><strong>DE LOS MIEMBROS DE COMISI\u00d3N DIRECTIVA<\/strong><\/span><\/p>\n<p><span style=\"color: #000000;\">ART\u00cdCULO 7\u00b0:\u00a0PRESIDENTE<br \/>\nSon sus Deberes y Atribuciones :<\/span><\/p>\n<p><span style=\"color: #000000;\">a) Representar legalmente a la Cooperadora, actuando a su nombre\u00a0 ante las autoridades Judiciales y Administrativas en cualquier lugar y jurisdicci\u00f3n.<br \/>\nb) Reunir la Comisi\u00f3n Directiva para las sesiones de la misma, fijando previamente el Orden del D\u00eda y\u00a0 presidiendo el debate.<br \/>\nc) Convenir con el Asesor los d\u00edas y horarios\u00a0 de las reuniones de Comisi\u00f3n Directiva.<br \/>\nd) Presidir las Asambleas y Reuniones de Comisi\u00f3n Directiva y desempatar con su voto en caso de empate.<br \/>\ne) Firmar conjuntamente con Tesorero o Secretario ordenes de pago, cheques y dem\u00e1s documentos que importen a la creaci\u00f3n de derechos y obligaciones.<br \/>\nf) Revisar mensualmente los balances de Tesorer\u00eda.<br \/>\ng) Cumplir y hacer cumplir el Estatuto y las Resoluciones de las Asambleas y de la Comisi\u00f3n Directiva.<br \/>\nh) Delegar temporalmente el mandato en un Vocal Titular durante las sesiones o Asambleas a fin de participar del debate.<br \/>\nEn caso de renuncia o cualquier otro impedimento, ser\u00e1 reemplazado por el miembro Titular de la Comisi\u00f3n Directiva que corresponda (VOCAL TITULAR 1\u00b0)<\/span><\/p>\n<p><span style=\"color: #000000;\">ART\u00cdCULO 8\u00b0: SECRETARIO<br \/>\nSon sus Deberes y Atribuciones :<\/span><\/p>\n<p><span style=\"color: #000000;\">a) Redactar y firmar las Actas conjuntamente con el Presidente.<br \/>\nb) Redactar las comunicaciones, correspondencias y documentaci\u00f3n, conservando copia de los mismos en los Archivos respectivos.<br \/>\nc) Refrendar la firma del Presidente en todo documento que emane de la Asociaci\u00f3n Cooperadora.<br \/>\nd) Citar para reuni\u00f3n de Comisi\u00f3n Directiva a los miembros de manera fehaciente y darles cuenta de las comunicaciones que se reciban en virtud del cargo que inviste.<br \/>\ne) Firmar conjuntamente con Presidente o Tesorero ordenes de pago, cheques y dem\u00e1s documentos que importen a la creaci\u00f3n de derechos y obligaciones.<br \/>\nf) Cumplir y hacer cumplir el Estatuto y las Resoluciones de las Asambleas y de la Comisi\u00f3n Directiva .<br \/>\nEn caso de renuncia o cualquier otro impedimento, ser\u00e1 reemplazado por el miembro Titular de la Comisi\u00f3n Directiva que corresponda (VOCAL TITULAR 1\u00b0)<\/span><\/p>\n<p><span style=\"color: #000000;\">ART\u00cdCULO 9\u00b0: TESORERO<br \/>\nSon sus Deberes y\u00a0 Atribuciones :<\/span><\/p>\n<p><span style=\"color: #000000;\">a) Recibir dinero que ingrese en Caja, siendo responsable directo de lo que se recaude.<br \/>\nb) Recibir de su antecesor, por intermedio del Presidente, bajo inventario, los documentos de cr\u00e9dito y d\u00e9bito, dinero, muebles, \u00fatiles, etc.<br \/>\nc) Depositar los fondos en el Banco\u00a0 en el cual tengan abierta\u00a0 una cuenta corriente a esos efectos (art. 14).<br \/>\nd) Presentar a la Comisi\u00f3n Directiva un Balance\u00a0 mensual con comprobantes, el que ser\u00e1 refrendado por Presidente, Secretario, Revisores de Cuentas Titular y Docente y Asesor.<br \/>\ne) Organizar el servicio financiero\u00a0 de la Entidad de acuerdo a los propios recursos y llevar\u00a0 un\u00a0 Libro de Tesorer\u00eda, otro de Registro de Socios (Rubricados \u00e9stos por el Consejo Escolar del distrito) y la documentaci\u00f3n auxiliar que estime necesaria.<br \/>\nf) Verificar los pagos ya autorizados por la Comisi\u00f3n Directiva, exigiendo facturas que se encuadren dentro de la legislaci\u00f3n vigente (A.F.I.P.)<br \/>\ng) Conservar en su poder la suma del dinero en efectivo (Caja Chica)<br \/>\nh) Firmar conjuntamente con Presidente o Secretario ordenes de pago, cheques y dem\u00e1s documentos que importen a la creaci\u00f3n de derechos y obligaciones.<br \/>\ni) Cumplir y hacer cumplir el Estatuto y las Resoluciones de las Asambleas y de la Comisi\u00f3n Directiva .<br \/>\nEn caso de renuncia o cualquier otro impedimento, ser\u00e1 reemplazado por el miembro Titular de la Comisi\u00f3n Directiva que corresponda (VOCAL TITULAR 1\u00b0)<\/span><\/p>\n<p><span style=\"color: #000000;\">ART\u00cdCULO 10\u00b0: VOCALES TITULARES\u00a0&#8212;<br \/>\nSon sus Deberes y Atribuciones :<\/span><\/p>\n<p><span style=\"color: #000000;\">a) Concurrir a las sesiones convocadas.<br \/>\nb) Desempe\u00f1ar las comisiones que se le designen.<br \/>\nc) Suplir a los miembros de Comisi\u00f3n Directiva que por renuncia u otras circunstancias\u00a0 dejare vacante el cargo.<\/span><\/p>\n<p><span style=\"color: #000000;\"><br \/>\nART\u00cdCULO 11\u00b0:\u00a0 VOCALES SUPLENTES<br \/>\nSon sus Deberes y Atribuciones :<\/span><\/p>\n<p><span style=\"color: #000000;\">a) Reemplazar a los Vocales Titulares en caso de renuncia u otros impedimentos. Desempe\u00f1ar asimismo las comisiones que se les designen.<\/span><\/p>\n<p><span style=\"color: #000000;\"><strong>DE LA COMISI\u00d3N REVISORA DE CUENTAS<\/strong><\/span><\/p>\n<p><span style=\"color: #000000;\">ART\u00cdCULO 12\u00b0:\u00a0El \u00d3rgano de Supervisi\u00f3n de la Comisi\u00f3n Directiva ser\u00e1 la Comisi\u00f3n Revisora de\u00a0 Cuentas, la cual estar\u00e1 integrada por dos miembros Titulares y uno Suplente. Uno de los Titulares ser\u00e1 designado por el Director del establecimiento entre el Personal Docente del mismo. El otro Revisor de Cuentas Titular, ser\u00e1 elegido por la Asamblea\u00a0 y debe ser Socio de la Entidad. Durar\u00e1n en sus funciones un (1) a\u00f1o, pudiendo ser\u00a0 confirmados en nuevos per\u00edodos\u00a0 y ajustar\u00e1n su cometido a lo establecido en el Art\u00edculo 17\u00b0 del Decreto 4767\/72 y su modificatorio Decreto 355\/73, las Resoluciones Ministeriales y Disposiciones dictadas y que en adelante se dicten\u00a0 ajust\u00e1ndose al presente Estatuto.<\/span><\/p>\n<p><span style=\"color: #000000;\"><span style=\"font-size: 14pt;\"><strong><span style=\"color: #ff6600;\">Tareas desarrolladas<\/span><\/strong><\/span><br \/>\n<\/span><\/p>\n<ul>\n<li>Compra de instrumentos<\/li>\n<li>Conservaci\u00f3n y arreglo de instrumentos (compra de cuerdas, clavijas, boquillas de instrumentos de viento, parches de instrumentos de percusi\u00f3n, afinaci\u00f3n de pianos, etc.)<\/li>\n<li>Compra de atriles<\/li>\n<li>Compra de art\u00edculos de librer\u00eda<\/li>\n<li>Gastos de fotocopias<\/li>\n<li>Compra de art\u00edculos de limpieza (limpieza del inmueble y mantenimiento de sanitarios)<\/li>\n<li>Conservaci\u00f3n del inmueble (arreglos, pintura, ca\u00f1er\u00edas, vidrios rotos, cerraduras, persianas, etc)<\/li>\n<\/ul>\n<p><span style=\"font-size: 14pt;\"><strong><span style=\"color: #ff6600;\">Subcomisiones de trabajo<\/span><\/strong><\/span><\/p>\n<p><span style=\"color: #000000;\"><span style=\"color: #000000;\"><span style=\"color: #000000;\"><span style=\"color: #000000;\">En este momento no est\u00e1n funcionando. \u00a0La idea es que en la medida que surjan diferentes temas que requieran de trabajo especial, se armen subgrupos con uno o dos integrantes de cooperadora y socios que no est\u00e9n en la Comisi\u00f3n Directiva, con la finalidad de dar pluralidad, participaci\u00f3n \u00a0y agilidad a las tareas.<\/span><\/span><\/span><\/span><\/p>\n<p><span style=\"color: #ff6600; font-size: 14pt;\"><strong>Asambleas y reuniones<\/strong><\/span><\/p>\n<p><span style=\"color: #000000;\">La Cooperadora se re\u00fane semanalmente.<\/span><\/p>\n<p><span style=\"color: #000000;\">Una vez al a\u00f1o, despu\u00e9s del 30 de abril (Cierre de ejercicio), se realiza la Asamblea Anual Ordinaria. En ella, se presenta el Balance del per\u00edodo y se renuevan los cargos.<\/span><\/p>\n","protected":false},"excerpt":{"rendered":"<p>Miembros cooperadora 2025 Cargo Nombre Presidente Coire, Nahuel\u00a0 Vicepresidente Secretario Santorelli, Antonela Tesorero Canosa, Patricia Protesorero Rojas, Antonela Vocal titular Gomez, Pablo Vocal titular Quiroz, Valeria Vocal titular Giuliano, David Vocal suplente Banchero, Candela Vocal suplente Vocal suplente Revisor de Ctas. Titular docente Revisor de Ctas. Titular Revisor de Ctas. Suplente Asesor Avelino, Mariana Estatuto &#8230; <a title=\"Cooperadora\" class=\"read-more\" href=\"https:\/\/cwilliams-bue.infd.edu.ar\/sitio\/cooperadora\/\" aria-label=\"More on Cooperadora\">[+]<\/a><\/p>\n","protected":false},"author":43,"featured_media":0,"parent":0,"menu_order":0,"comment_status":"closed","ping_status":"closed","template":"","meta":[],"acf":[],"_links":{"self":[{"href":"https:\/\/cwilliams-bue.infd.edu.ar\/sitio\/wp-json\/wp\/v2\/pages\/789"}],"collection":[{"href":"https:\/\/cwilliams-bue.infd.edu.ar\/sitio\/wp-json\/wp\/v2\/pages"}],"about":[{"href":"https:\/\/cwilliams-bue.infd.edu.ar\/sitio\/wp-json\/wp\/v2\/types\/page"}],"author":[{"embeddable":true,"href":"https:\/\/cwilliams-bue.infd.edu.ar\/sitio\/wp-json\/wp\/v2\/users\/43"}],"replies":[{"embeddable":true,"href":"https:\/\/cwilliams-bue.infd.edu.ar\/sitio\/wp-json\/wp\/v2\/comments?post=789"}],"version-history":[{"count":8,"href":"https:\/\/cwilliams-bue.infd.edu.ar\/sitio\/wp-json\/wp\/v2\/pages\/789\/revisions"}],"predecessor-version":[{"id":1429,"href":"https:\/\/cwilliams-bue.infd.edu.ar\/sitio\/wp-json\/wp\/v2\/pages\/789\/revisions\/1429"}],"wp:attachment":[{"href":"https:\/\/cwilliams-bue.infd.edu.ar\/sitio\/wp-json\/wp\/v2\/media?parent=789"}],"curies":[{"name":"wp","href":"https:\/\/api.w.org\/{rel}","templated":true}]}}