{"id":765,"date":"2018-08-29T14:56:20","date_gmt":"2018-08-29T17:56:20","guid":{"rendered":"https:\/\/cwilliams-bue.infd.edu.ar\/sitio\/docentes\/"},"modified":"2024-03-20T23:24:12","modified_gmt":"2024-03-21T02:24:12","slug":"docentes","status":"publish","type":"page","link":"https:\/\/cwilliams-bue.infd.edu.ar\/sitio\/docentes\/","title":{"rendered":"Docentes"},"content":{"rendered":"<table style=\"border: 1px solid #5090b0; width: 836px; height: 4893px;\" border=\"1\" cellspacing=\"0\" cellpadding=\"0\" align=\"center\">\n<tbody>\n<tr align=\"center\" valign=\"middle\">\n<td style=\"width: 45%; height: 20px; background-color: #ddeaf0; border: 1px solid #5090b0; text-align: center;\" align=\"center\" valign=\"middle\"><span style=\"font-size: small;\"><span style=\"font-family: verdana, geneva;\"><span style=\"color: #3e748e;\"><strong>Docente<\/strong><\/span><\/span><\/span><\/td>\n<td style=\"width: 45%; height: 20px; background-color: #ddeaf0; border: 1px solid #5090b0; text-align: center;\" align=\"center\" valign=\"middle\"><span style=\"font-size: small;\"><span style=\"font-family: verdana, geneva;\"><span style=\"color: #3e748e;\"><strong>Espacio Curricular (o Materia)<\/strong><\/span><\/span><\/span><\/td>\n<\/tr>\n<tr>\n<td style=\"width: 45%; height: 20px; border: #5090b0 1px solid;\" align=\"center\" valign=\"middle\"><span style=\"font-family: verdana, geneva; font-size: 8pt;\"><span style=\"font-family: verdana, geneva; font-size: 8pt;\">\u00a0<\/span><\/span><span style=\"font-family: verdana, geneva; font-size: 8pt;\">Aronna Ivana<\/span><\/td>\n<td style=\"width: 45%; height: 20px; border: #5090b0 1px solid;\" align=\"center\" valign=\"middle\"><span style=\"font-family: verdana, geneva; font-size: 8pt;\">EDI: Folklore<\/span><\/td>\n<\/tr>\n<tr>\n<td style=\"width: 45%; height: 20px; border: #5090b0 1px solid;\" align=\"center\" valign=\"middle\"><span style=\"font-family: verdana, geneva; font-size: 8pt;\">Avelino Mariana<\/span><\/td>\n<td style=\"width: 45%; height: 20px; border: #5090b0 1px solid;\" align=\"center\" valign=\"middle\"><span style=\"font-family: verdana, geneva; font-size: 8pt;\">Apreciaci\u00f3n musical I<\/span><\/td>\n<\/tr>\n<tr>\n<td style=\"width: 45%; height: 20px; border: #5090b0 1px solid;\" align=\"center\" valign=\"middle\"><span style=\"font-family: verdana, geneva;\"><span style=\"font-size: 10.6667px;\">Abrego Lautaro<\/span><\/span><\/td>\n<td style=\"width: 45%; height: 20px; border: #5090b0 1px solid;\" align=\"center\" valign=\"middle\"><span style=\"font-family: verdana, geneva; font-size: 8pt;\">Clarinete<\/span><\/td>\n<\/tr>\n<tr>\n<td style=\"width: 45%; height: 20px; border: #5090b0 1px solid;\" align=\"center\" valign=\"middle\"><span style=\"font-family: verdana, geneva;\"><span style=\"font-size: 10.6667px;\">Bustos Lorena<\/span><\/span><\/td>\n<td style=\"width: 45%; height: 20px; border: #5090b0 1px solid;\" align=\"center\" valign=\"middle\"><span style=\"font-family: verdana, geneva;\"><span style=\"font-size: 10.6667px;\">Teor\u00eda del Arte I<\/span><\/span><span style=\"font-family: verdana, geneva;\"><span style=\"font-size: 10.6667px;\">Artes visuales<\/span><\/span><\/td>\n<\/tr>\n<tr>\n<td style=\"width: 45%; height: 20px; border: #5090b0 1px solid;\" align=\"center\" valign=\"middle\"><span style=\"font-family: verdana, geneva;\"><span style=\"font-size: 10.6667px;\">Boggan Elena<\/span><\/span><\/td>\n<td style=\"width: 45%; height: 20px; border: #5090b0 1px solid;\" align=\"center\" valign=\"middle\"><span style=\"font-family: verdana, geneva;\"><span style=\"font-size: 10.6667px;\">Pr\u00e1ctica Esc\u00e9nica I y II<\/span><\/span><\/td>\n<\/tr>\n<tr>\n<td style=\"width: 45%; height: 20px; border: #5090b0 1px solid;\" align=\"center\" valign=\"middle\"><span style=\"font-family: verdana, geneva;\"><span style=\"font-size: 10.6667px;\">Balv\u00e9 Rosina<\/span><\/span><\/td>\n<td style=\"width: 45%; height: 20px; border: #5090b0 1px solid;\" align=\"center\" valign=\"middle\"><span style=\"font-family: verdana, geneva;\"><span style=\"font-size: 10.6667px;\">Realizaci\u00f3n Musical Esc\u00e9nica<\/span><\/span><\/td>\n<\/tr>\n<tr>\n<td style=\"width: 45%; height: 20px; border: #5090b0 1px solid;\" align=\"center\" valign=\"middle\"><span style=\"font-family: verdana, geneva;\"><span style=\"font-size: 10.6667px;\">Barbieri Agust\u00edn<\/span><\/span><\/td>\n<td style=\"width: 45%; height: 20px; border: #5090b0 1px solid;\" align=\"center\" valign=\"middle\"><span style=\"font-family: verdana, geneva;\"><span style=\"font-size: 10.6667px;\">Percuci\u00f3n (PEM)<br \/>\nPercuci\u00f3n<\/span><\/span><\/td>\n<\/tr>\n<tr>\n<td style=\"width: 45%; height: 20px; border: #5090b0 1px solid;\" align=\"center\" valign=\"middle\"><span style=\"font-family: verdana, geneva;\"><span style=\"font-size: 10.6667px;\">Bustos Luciano<\/span><\/span><\/td>\n<td style=\"width: 45%; height: 20px; border: #5090b0 1px solid;\" align=\"center\" valign=\"middle\"><span style=\"font-family: verdana, geneva;\"><span style=\"font-size: 10.6667px;\">Arm\u00f3nico Guitarra<\/span><\/span><\/td>\n<\/tr>\n<tr>\n<td style=\"width: 45%; height: 20px; border: #5090b0 1px solid;\" align=\"center\" valign=\"middle\"><span style=\"font-family: verdana, geneva; font-size: 8pt;\">Barbieri Marcela<\/span><\/td>\n<td style=\"width: 45%; height: 20px; border: #5090b0 1px solid;\" align=\"center\" valign=\"middle\"><span style=\"font-family: verdana, geneva; font-size: 8pt;\">Piano<br \/>\nFlauta traversa<br \/>\nConjunto de C\u00e1mara\u00a0<\/span><\/td>\n<\/tr>\n<tr>\n<td style=\"width: 45%; height: 20px; border: #5090b0 1px solid;\" align=\"center\" valign=\"middle\"><span style=\"font-family: verdana, geneva;\"><span style=\"font-size: 10.6667px;\">Gustavo Diderle<\/span><\/span><\/td>\n<td style=\"width: 45%; height: 20px; border: #5090b0 1px solid;\" align=\"center\" valign=\"middle\"><span style=\"font-family: verdana, geneva; font-size: 8pt;\">Violoncello\u00a0<\/span><\/td>\n<\/tr>\n<tr>\n<td style=\"width: 45%; height: 20px; border: #5090b0 1px solid;\" align=\"center\" valign=\"middle\"><span style=\"font-family: verdana, geneva; font-size: 8pt;\">Berasategui Julieta\u00a0<\/span><\/td>\n<td style=\"width: 45%; height: 20px; border: #5090b0 1px solid;\" align=\"center\" valign=\"middle\"><span style=\"font-family: verdana, geneva; font-size: 8pt;\">\u00a0Lenguaje Musical CM II<br \/>\nHistoria de la m\u00fasica I<br \/>\nPr\u00e1ct. Docente PEM I y II<br \/>\nPr\u00e1ctica de Conj. I FOBA II<\/span><\/p>\n<p style=\"text-align: center;\"><span style=\"font-family: verdana, geneva; font-size: 8pt;\">Taller de iniciacion musical <\/span><\/p>\n<p style=\"text-align: center;\"><span style=\"font-family: verdana, geneva; font-size: 8pt;\">Espacio de la practica IV<\/span><\/p>\n<\/td>\n<\/tr>\n<tr>\n<td style=\"width: 45%; height: 20px; border: #5090b0 1px solid;\" align=\"center\" valign=\"middle\"><span style=\"font-family: verdana, geneva; font-size: 8pt;\">Buzzo Ignacio<\/span><\/td>\n<td style=\"width: 45%; height: 20px; border: #5090b0 1px solid;\" align=\"center\" valign=\"middle\"><span style=\"font-family: verdana, geneva; font-size: 8pt;\">Persp. Sociopol\u00edtica<\/span><\/td>\n<\/tr>\n<tr>\n<td style=\"width: 45%; height: 20px; border: #5090b0 1px solid;\" align=\"center\" valign=\"middle\"><span style=\"font-family: verdana, geneva; font-size: 8pt;\">Contreras Fabiana<\/span><\/td>\n<td style=\"width: 45%; height: 20px; border: #5090b0 1px solid;\" align=\"center\" valign=\"middle\"><span style=\"font-family: verdana, geneva; font-size: 8pt;\">EDI: M\u00fasica y discapacidad<\/span><\/td>\n<\/tr>\n<tr>\n<td style=\"width: 45%; height: 20px; border: #5090b0 1px solid;\" align=\"center\" valign=\"middle\"><span style=\"font-family: verdana, geneva; font-size: 8pt;\">Corradi Juan<\/span><\/td>\n<td style=\"width: 45%; height: 20px; border: #5090b0 1px solid;\" align=\"center\" valign=\"middle\"><span style=\"font-family: verdana, geneva; font-size: 8pt;\">Viola<\/span><\/td>\n<\/tr>\n<tr>\n<td style=\"width: 45%; height: 20px; border: #5090b0 1px solid;\" align=\"center\" valign=\"middle\"><span style=\"font-family: verdana, geneva; font-size: 8pt;\">Cadierno Nadia<\/span><\/td>\n<td style=\"width: 45%; height: 20px; border: #5090b0 1px solid;\" align=\"center\" valign=\"middle\"><span style=\"font-family: verdana, geneva;\"><span style=\"font-family: verdana, geneva;\"><span style=\"font-size: 10.6667px;\">Espacio de la Pr\u00e1ctica (PI) I, II<br \/>\nLeguaje Musical (Iniciaci\u00f3n) III<br \/>\nLenguaje Musical (PEM) I<br \/>\nLenguaje Musical (FOBA) I<\/span><\/span><\/span><\/td>\n<\/tr>\n<tr>\n<td style=\"width: 45%; height: 20px; border: #5090b0 1px solid;\" align=\"center\" valign=\"middle\"><span style=\"font-family: verdana, geneva; font-size: 8pt;\">Coviello Sandra<\/span><\/td>\n<td style=\"width: 45%; height: 20px; border: #5090b0 1px solid;\" align=\"center\" valign=\"middle\"><span style=\"font-family: verdana, geneva; font-size: 8pt;\">Canto L\u00edrico<\/span><br \/>\n<span style=\"font-family: verdana, geneva; font-size: 8pt;\">Dicci\u00f3n Alemana<br \/>\nDicci\u00f3n Italiana <\/span><span style=\"font-family: verdana, geneva; font-size: 8pt;\">Foniatria I<\/span><\/td>\n<\/tr>\n<tr>\n<td style=\"width: 45%; height: 20px; border: #5090b0 1px solid;\" align=\"center\" valign=\"middle\">\u00a0<span style=\"font-family: verdana, geneva; font-size: 8pt;\">Corr\u00f3poli Nancy<\/span><\/td>\n<td style=\"width: 45%; height: 20px; border: #5090b0 1px solid;\" align=\"center\" valign=\"middle\"><span style=\"font-family: verdana, geneva; font-size: 8pt;\">\u00a0Taller de Acorde\u00f3n<\/span><\/td>\n<\/tr>\n<tr>\n<td style=\"width: 45%; height: 20px; border: #5090b0 1px solid;\" align=\"center\" valign=\"middle\"><span style=\"font-family: verdana, geneva; font-size: 8pt;\">Carletti Santiago<\/span><\/td>\n<td style=\"width: 45%; height: 20px; border: #5090b0 1px solid;\" align=\"center\" valign=\"middle\"><span style=\"font-family: verdana, geneva; font-size: 8pt;\">Contrabajo<\/span><\/td>\n<\/tr>\n<tr>\n<td style=\"width: 45%; height: 20px; border: #5090b0 1px solid;\" align=\"center\" valign=\"middle\"><span style=\"font-family: verdana, geneva; font-size: 8pt;\">Casaccio Sebasti\u00e1n<\/span><\/td>\n<td style=\"width: 45%; height: 20px; border: #5090b0 1px solid;\" align=\"center\" valign=\"middle\"><span style=\"font-family: verdana, geneva; font-size: 8pt;\">\u00a0Bajo El\u00e9ctrico<br \/>\nT\u00e9cnicas de Improvisaci\u00f3n<br \/>\nApreciaci\u00f3n Musical Jazz<br \/>\nPr\u00e1ctica de Conj. FOBA II<br \/>\nCoordinaci\u00f3n de Conj. PEM I<\/span><\/td>\n<\/tr>\n<tr>\n<td style=\"width: 45%; height: 20px; border: #5090b0 1px solid;\" align=\"center\" valign=\"middle\"><span style=\"font-family: verdana, geneva; font-size: 8pt;\">Clavio Jos\u00e9 Luis<\/span><\/td>\n<td style=\"width: 45%; height: 20px; border: #5090b0 1px solid;\" align=\"center\" valign=\"middle\"><span style=\"font-family: verdana, geneva; font-size: 8pt;\">\u00a0Historia de la m\u00fasica II<\/span><br \/>\n<span style=\"font-family: verdana, geneva; font-size: 8pt;\">Guitarra<br \/>\nLeng. Musical CM I<\/span><\/td>\n<\/tr>\n<tr>\n<td style=\"width: 45%; height: 20px; border: #5090b0 1px solid;\" align=\"center\" valign=\"middle\"><span style=\"font-family: verdana, geneva; font-size: 8pt;\">Corsello Maricel<\/span><\/td>\n<td style=\"width: 45%; height: 20px; border: #5090b0 1px solid;\" align=\"center\" valign=\"middle\"><span style=\"font-family: verdana, geneva; font-size: 8pt;\">Persp. Filos\u00f3f. Pedag \/ Fundam.<br \/>\n<\/span><span style=\"font-family: verdana, geneva; font-size: 8pt;\">Pol\u00edtica educativa<br \/>\n<\/span><span style=\"font-family: verdana, geneva; font-size: 8pt;\">Persp. Ped. Did\u00e1ct. \/ Did\u00e1ct. gral.<\/span><span style=\"font-family: verdana, geneva; font-size: 8pt;\">Practica docente II generalista <\/span><\/p>\n<p><span style=\"font-family: verdana, geneva; font-size: 8pt;\">Persp. Filos\u00f3f. Pedag did\u00e1ct.<\/span><\/td>\n<\/tr>\n<tr>\n<td style=\"width: 45%; height: 20px; border: #5090b0 1px solid;\" align=\"center\" valign=\"middle\"><span style=\"font-family: verdana, geneva; font-size: 8pt;\">Cavallieri Leandro<\/span><\/td>\n<td style=\"width: 45%; height: 20px; border: #5090b0 1px solid;\" align=\"center\" valign=\"middle\"><span style=\"font-family: verdana, geneva;\"><span style=\"font-size: 10.6667px;\">Guitarra<\/span><\/span><\/td>\n<\/tr>\n<tr>\n<td style=\"width: 45%; height: 20px; border: #5090b0 1px solid;\" align=\"center\" valign=\"middle\"><span style=\"font-family: verdana, geneva; font-size: 8pt;\">Calder\u00e1n Romina<\/span><\/td>\n<td style=\"width: 45%; height: 20px; border: #5090b0 1px solid;\" align=\"center\" valign=\"middle\"><span style=\"font-family: verdana, geneva;\"><span style=\"font-size: 10.6667px;\">Piano arm\u00f3nico<br \/>\nPiano<br \/>\nApreciaci\u00f3n Musical II FOBA III<\/span><\/span><\/td>\n<\/tr>\n<tr>\n<td style=\"width: 45%; height: 20px; border: #5090b0 1px solid;\" align=\"center\" valign=\"middle\"><span style=\"font-family: verdana, geneva; font-size: 8pt;\">Di Pardo Sebasti\u00e1n<br \/>\n<\/span><\/td>\n<td style=\"width: 45%; height: 20px; border: #5090b0 1px solid;\" align=\"center\" valign=\"middle\"><span style=\"font-family: verdana, geneva; font-size: 8pt;\">Trompeta<br \/>\nTromb\u00f3n<\/span><\/td>\n<\/tr>\n<tr>\n<td style=\"width: 45%; height: 20px; border: #5090b0 1px solid;\" align=\"center\" valign=\"middle\"><span style=\"font-family: verdana, geneva; font-size: 8pt;\">Fida Walter<br \/>\n(Sup.: Gal\u00e1n Leonardo \/ Di Pierro Adri\u00e1n)<\/span><\/td>\n<td style=\"width: 45%; height: 20px; border: #5090b0 1px solid;\" align=\"center\" valign=\"middle\"><span style=\"font-family: verdana, geneva; font-size: 8pt;\">Guitarra<\/span><\/td>\n<\/tr>\n<tr>\n<td style=\"width: 45%; height: 20px; border: #5090b0 1px solid;\" align=\"center\" valign=\"middle\"><span style=\"font-family: verdana, geneva; font-size: 8pt;\">Gobet Estefan\u00eda<\/span><\/td>\n<td style=\"width: 45%; height: 20px; border: #5090b0 1px solid;\" align=\"center\" valign=\"middle\"><span style=\"font-family: verdana, geneva; font-size: 8pt;\">Lenguaje Musical I<\/span><\/td>\n<\/tr>\n<tr>\n<td style=\"width: 45%; height: 20px; border: #5090b0 1px solid;\" align=\"center\" valign=\"middle\"><span style=\"font-family: verdana, geneva;\"><span style=\"font-size: 10.6667px;\">Magdalena Arce<\/span><\/span><\/td>\n<td style=\"width: 45%; height: 20px; border: #5090b0 1px solid;\" align=\"center\" valign=\"middle\"><span style=\"font-family: verdana, geneva; font-size: 8pt;\">Literatura<\/span><\/td>\n<\/tr>\n<tr>\n<td style=\"width: 45%; height: 20px; border: #5090b0 1px solid;\" align=\"center\" valign=\"middle\"><span style=\"font-family: verdana, geneva;\"><span style=\"font-size: 10.6667px;\">A cubrir <\/span><\/span><\/td>\n<td style=\"width: 45%; height: 20px; border: #5090b0 1px solid;\" align=\"center\" valign=\"middle\"><span style=\"font-family: verdana, geneva;\"><span style=\"font-size: 10.6667px;\">Foniatr\u00eda II<\/span><\/span><\/td>\n<\/tr>\n<tr>\n<td style=\"width: 45%; height: 20px; border: #5090b0 1px solid;\" align=\"center\" valign=\"middle\"><\/td>\n<td style=\"width: 45%; height: 20px; border: #5090b0 1px solid;\" align=\"center\" valign=\"middle\"><span style=\"font-family: verdana, geneva; font-size: 8pt;\">Apreciaci\u00f3n Musical I<br \/>\nGuitarra<\/span><\/td>\n<\/tr>\n<tr>\n<td style=\"width: 45%; height: 20px; border: #5090b0 1px solid;\" align=\"center\" valign=\"middle\"><span style=\"font-family: verdana, geneva;\"><span style=\"font-size: 10.6667px;\">Giuliano David<\/span><\/span><\/td>\n<td style=\"width: 45%; height: 20px; border: #5090b0 1px solid;\" align=\"center\" valign=\"middle\"><span style=\"font-family: verdana, geneva; font-size: 8pt;\">Guitarra<br \/>\n<\/span><span style=\"font-family: verdana, geneva; font-size: 8pt;\"><span style=\"font-family: verdana, geneva; font-size: 8pt;\">Metodolog\u00eda de la investigaci\u00f3n<br \/>\n<\/span><\/span><span style=\"font-family: verdana, geneva; font-size: 8pt;\"><span style=\"font-family: verdana, geneva; font-size: 8pt;\">Historia de la m\u00fasica III<br \/>\n<\/span><\/span><span style=\"font-family: verdana, geneva; font-size: 8pt;\"><span style=\"font-family: verdana, geneva; font-size: 8pt;\">Lenguaje Musical II FOBA II<br \/>\n<\/span><\/span><span style=\"font-family: verdana, geneva; font-size: 8pt;\"><span style=\"font-family: verdana, geneva; font-size: 8pt;\">Did\u00e1ctica de la m\u00fasica I y II<br \/>\n<\/span><\/span><span style=\"font-family: verdana, geneva; font-size: 8pt;\">Persp. Pedag\u00f3gica Did\u00e1ct. II<br \/>\n<\/span><span style=\"font-family: verdana, geneva; font-size: 8pt;\">Pr\u00e1ct. de Conj. FOBA I &#8211; CM II<br \/>\n<\/span><span style=\"font-family: verdana, geneva; font-size: 8pt;\"><span style=\"font-family: verdana, geneva; font-size: 8pt;\">Pr\u00e1ct. Coral<br \/>\n<\/span><\/span><span style=\"font-family: verdana, geneva; font-size: 8pt;\">Producci\u00f3n y an\u00e1lisis I y II <\/span><\/p>\n<p><span style=\"font-family: verdana, geneva; font-size: 8pt;\">Conjunto vocal instrumental<\/span><\/td>\n<\/tr>\n<tr>\n<td style=\"width: 45%; height: 20px; border: #5090b0 1px solid;\" align=\"center\" valign=\"middle\"><span style=\"font-family: verdana, geneva; font-size: 8pt;\">Giannasio Mat\u00edas<\/span><\/td>\n<td style=\"width: 45%; height: 20px; border: #5090b0 1px solid;\" align=\"center\" valign=\"middle\"><span style=\"font-family: verdana, geneva; font-size: 8pt;\">Bandone\u00f3n<\/span><\/td>\n<\/tr>\n<tr>\n<td style=\"width: 45%; height: 20px; border: #5090b0 1px solid;\" align=\"center\" valign=\"middle\"><span style=\"font-family: verdana, geneva; font-size: 8pt;\">Gardella Joaqu\u00edn<\/span><\/td>\n<td style=\"width: 45%; height: 20px; border: #5090b0 1px solid;\" align=\"center\" valign=\"middle\"><span style=\"font-family: verdana, geneva; font-size: 8pt;\">\u00a0Leguaje Musical IV practica docente III y IV (PEM) Espacio de la practica III (PI) <\/span><span style=\"font-family: verdana, geneva; font-size: 8pt;\">Piano<\/span><\/td>\n<\/tr>\n<tr>\n<td style=\"width: 45%; height: 20px; border: #5090b0 1px solid;\" align=\"center\" valign=\"middle\"><span style=\"font-family: verdana, geneva; font-size: 8pt;\">Lopardo Cintia<\/span><\/td>\n<td style=\"width: 45%; height: 20px; border: #5090b0 1px solid;\" align=\"center\" valign=\"middle\"><span style=\"font-family: verdana, geneva; font-size: 8pt;\">EDI: Danza Tango<\/span><\/td>\n<\/tr>\n<tr>\n<td style=\"width: 45%; height: 20px; border: #5090b0 1px solid;\" align=\"center\" valign=\"middle\"><span style=\"font-family: verdana, geneva; font-size: 8pt;\">Larra\u00f1aga Marcos<\/span><\/td>\n<td style=\"width: 45%; height: 20px; border: #5090b0 1px solid;\" align=\"center\" valign=\"middle\"><span style=\"font-family: verdana, geneva; font-size: 8pt;\">Apreciaci\u00f3n Musical Tango<\/span><\/td>\n<\/tr>\n<tr>\n<td style=\"width: 45%; height: 20px; border: #5090b0 1px solid;\" align=\"center\" valign=\"middle\"><span style=\"font-family: verdana, geneva; font-size: 8pt;\">Ignacio Viano <\/span><\/td>\n<td style=\"width: 45%; height: 20px; border: #5090b0 1px solid;\" align=\"center\" valign=\"middle\"><span style=\"font-family: verdana, geneva; font-size: 8pt;\">Inform\u00e1tica y Medios Electroac\u00fasticos <\/span><span style=\"font-family: verdana, geneva; font-size: 8pt;\">Repertorio canto popular<\/span><\/p>\n<p><span style=\"font-family: verdana, geneva; font-size: 8pt; font-weight: inherit;\">EDI M\u00fasica Autoctona\u00a0<\/span><\/td>\n<\/tr>\n<tr>\n<td style=\"width: 45%; height: 20px; border: #5090b0 1px solid;\" align=\"center\" valign=\"middle\"><span style=\"font-family: verdana, geneva; font-size: 8pt;\">Manavella Agust\u00edn<\/span><\/td>\n<td style=\"width: 45%; height: 20px; border: #5090b0 1px solid;\" align=\"center\" valign=\"middle\"><span style=\"font-family: verdana, geneva; font-size: 8pt;\">Medios Electroac\u00fasticos<br \/>\n<\/span><span style=\"font-family: verdana, geneva; font-size: 8pt;\">Ac\u00fastica<\/span><\/td>\n<\/tr>\n<tr>\n<td style=\"width: 45%; height: 20px; border: #5090b0 1px solid;\" align=\"center\" valign=\"middle\"><span style=\"font-family: verdana, geneva; font-size: 8pt;\">Marquez Alejandra<\/span><\/td>\n<td style=\"width: 45%; height: 20px; border: #5090b0 1px solid;\" align=\"center\" valign=\"middle\"><span style=\"font-family: verdana, geneva; font-size: 8pt;\">\u00a0Taller de trabajo corporal PEM y FOBA I<br \/>\n<\/span><span style=\"font-family: verdana, geneva; font-size: 8pt;\">\u00a0Taller de trabajo corporal \/ expresi\u00f3n corporal<\/span><\/td>\n<\/tr>\n<tr>\n<td style=\"width: 45%; height: 20px; border: #5090b0 1px solid;\" align=\"center\" valign=\"middle\"><span style=\"font-family: verdana, geneva;\"><span style=\"font-size: 10.6667px;\">Marchessi Gerardo<\/span><\/span><\/td>\n<td style=\"width: 45%; height: 20px; border: #5090b0 1px solid;\" align=\"center\" valign=\"middle\"><span style=\"font-family: verdana, geneva; font-size: 8pt;\"><span style=\"font-family: verdana, geneva; font-size: 8pt;\">Coro adultos<br \/>\n<\/span><\/span><span style=\"font-family: verdana, geneva; font-size: 8pt;\">Canto colectivo II<\/span><span style=\"font-family: verdana, geneva; font-size: 8pt;\">Canto Ni\u00f1os<\/span><\/td>\n<\/tr>\n<tr>\n<td style=\"width: 45%; height: 20px; border: #5090b0 1px solid;\" align=\"center\" valign=\"middle\"><span style=\"font-family: verdana, geneva;\"><span style=\"font-size: 10.6667px;\">Mazaet Jorge<\/span><\/span><\/td>\n<td style=\"width: 45%; height: 20px; border: #5090b0 1px solid;\" align=\"center\" valign=\"middle\"><span style=\"font-family: verdana, geneva; font-size: 8pt;\">Arm\u00f3nico: Guitarra<br \/>\n<\/span><\/td>\n<\/tr>\n<tr>\n<td style=\"width: 45%; height: 20px; border: #5090b0 1px solid;\" align=\"center\" valign=\"middle\"><span style=\"font-family: verdana, geneva; font-size: 8pt;\">Marano Edgardo<\/span><\/td>\n<td style=\"width: 45%; height: 20px; border: #5090b0 1px solid;\" align=\"center\" valign=\"middle\"><span style=\"font-family: verdana, geneva; font-size: 8pt;\">Arm\u00f3nico: Piano<\/span><\/td>\n<\/tr>\n<tr>\n<td style=\"width: 45%; height: 20px; border: #5090b0 1px solid;\" align=\"center\" valign=\"middle\"><span style=\"font-family: verdana, geneva; font-size: 8pt;\">Sergio Ratti<\/span><\/td>\n<td style=\"width: 45%; height: 20px; border: #5090b0 1px solid;\" align=\"center\" valign=\"middle\"><span style=\"font-family: verdana, geneva; font-size: 8pt;\"><span style=\"font-family: verdana, geneva; font-size: 8pt;\">Canto lirico<br \/>\n<\/span><\/span><span style=\"font-family: verdana, geneva; font-size: 8pt;\">Repertorio Canto L\u00edrico<br \/>\n<\/span><\/td>\n<\/tr>\n<tr>\n<td style=\"width: 45%; height: 20px; border: #5090b0 1px solid;\" align=\"center\" valign=\"middle\"><span style=\"font-family: verdana, geneva;\"><span style=\"font-size: 10.6667px;\">\u00a0Moyano Claudio<\/span><\/span><\/td>\n<td style=\"width: 45%; height: 20px; border: #5090b0 1px solid;\" align=\"center\" valign=\"middle\"><span style=\"font-family: verdana, geneva; font-size: 8pt;\"><span style=\"font-family: verdana, geneva; font-size: 8pt;\">Canto<br \/>\n<\/span><\/span><span style=\"font-family: verdana, geneva; font-size: 8pt;\">\u00a0Pr\u00e1ctica Coral<br \/>\n<\/span><\/td>\n<\/tr>\n<tr>\n<td style=\"width: 45%; height: 20px; border: #5090b0 1px solid;\" align=\"center\" valign=\"middle\"><span style=\"font-family: verdana, geneva;\"><span style=\"font-size: 10.6667px;\">Cecilia Arosa<\/span><\/span><\/td>\n<td style=\"width: 45%; height: 20px; border: #5090b0 1px solid;\" align=\"center\" valign=\"middle\"><span style=\"font-family: verdana, geneva;\"><span style=\"font-size: 10.6667px;\">Viol\u00edn<\/span><\/span><\/td>\n<\/tr>\n<tr>\n<td style=\"width: 45%; height: 20px; border: #5090b0 1px solid;\" align=\"center\" valign=\"middle\"><span style=\"font-family: verdana, geneva; font-size: 8pt;\">Nalino Sergio<\/span><\/td>\n<td style=\"width: 45%; height: 20px; border: #5090b0 1px solid;\" align=\"center\" valign=\"middle\"><span style=\"font-family: verdana, geneva; font-size: 8pt;\">Piano<br \/>\n<\/span><\/td>\n<\/tr>\n<tr>\n<td style=\"width: 45%; height: 20px; border: #5090b0 1px solid;\" align=\"center\" valign=\"middle\"><span style=\"font-family: verdana, geneva; font-size: 8pt;\">Perez Sergio<\/span><\/td>\n<td style=\"width: 45%; height: 20px; border: #5090b0 1px solid;\" align=\"center\" valign=\"middle\"><span style=\"font-family: verdana, geneva; font-size: 8pt;\">EDI: M\u00fasica nativa y folkl\u00f3rica<br \/>\n<\/span><\/td>\n<\/tr>\n<tr>\n<td style=\"width: 45%; height: 20px; border: #5090b0 1px solid;\" align=\"center\" valign=\"middle\"><span style=\"font-family: verdana, geneva;\"><span style=\"font-size: 10.6667px;\">Pascuccio Dar\u00edo<\/span><\/span><\/td>\n<td style=\"width: 45%; height: 20px; border: #5090b0 1px solid;\" align=\"center\" valign=\"middle\"><span style=\"font-family: verdana, geneva; font-size: 8pt;\"><span style=\"font-family: verdana, geneva; font-size: 8pt;\">Historia Sociopol\u00edtica<br \/>\n<\/span><\/span><span style=\"font-family: verdana, geneva; font-size: 8pt;\">Historia Social General<br \/>\n<\/span><\/td>\n<\/tr>\n<tr>\n<td style=\"width: 45%; height: 20px; border: #5090b0 1px solid;\" align=\"center\" valign=\"middle\"><span style=\"font-family: verdana, geneva; font-size: 8pt;\">\u00a0Palazzo Roc\u00edo<\/span><\/td>\n<td style=\"width: 45%; height: 20px; border: #5090b0 1px solid;\" align=\"center\" valign=\"middle\"><span style=\"font-family: verdana, geneva; font-size: 8pt;\">Canto colectivo I<br \/>\n<\/span><span style=\"font-family: verdana, geneva; font-size: 8pt;\">Canto popular FOBA<br \/>\n<\/span><span style=\"font-family: verdana, geneva; font-size: 8pt;\">Apreciaci\u00f3n Musical: Folklore<\/span><\/td>\n<\/tr>\n<tr>\n<td style=\"width: 45%; height: 20px; border: #5090b0 1px solid;\" align=\"center\" valign=\"middle\"><span style=\"font-family: verdana, geneva; font-size: 8pt;\">Ana Paula Roberto<\/span><\/td>\n<td style=\"width: 45%; height: 20px; border: #5090b0 1px solid;\" align=\"center\" valign=\"middle\"><span style=\"font-family: verdana, geneva; font-size: 8pt;\"><span style=\"font-family: verdana, geneva; font-size: 8pt;\">Psicolog\u00eda I y II<\/span><\/span><span style=\"font-family: verdana, geneva; font-size: 8pt;\"><br \/>\n<\/span><\/td>\n<\/tr>\n<tr>\n<td style=\"width: 45%; height: 20px; border: #5090b0 1px solid;\" align=\"center\" valign=\"middle\"><span style=\"font-family: verdana, geneva;\"><span style=\"font-size: 10.6667px;\">Rosetti Fernando<\/span><\/span><\/td>\n<td style=\"width: 45%; height: 20px; border: #5090b0 1px solid;\" align=\"center\" valign=\"middle\"><span style=\"font-family: verdana, geneva; font-size: 8pt;\">Inform\u00e1tica y Medios electroac\u00fasticos<\/span><\/td>\n<\/tr>\n<tr>\n<td style=\"width: 45%; height: 20px; border: #5090b0 1px solid;\" align=\"center\" valign=\"middle\"><span style=\"font-family: verdana, geneva; font-size: 8pt;\">\u00a0Ruffini Santiago<\/span><\/td>\n<td style=\"width: 45%; height: 20px; border: #5090b0 1px solid;\" align=\"center\" valign=\"middle\"><span style=\"font-family: verdana, geneva; font-size: 8pt;\">Pr\u00e1ct. de Conj. I FOBA II<br \/>\n<\/span><span style=\"font-family: verdana, geneva; font-size: 8pt;\"><span style=\"font-family: verdana, geneva; font-size: 8pt;\">Pr\u00e1ct. de Conj. II FOBA III<br \/>\n<\/span><\/span><span style=\"font-family: verdana, geneva; font-size: 8pt;\">Taller Orquesta adultos<br \/>\nTaller Orquesta ni\u00f1os<br \/>\nEDI: Orquesta<br \/>\n<\/span><\/td>\n<\/tr>\n<tr>\n<td style=\"width: 45%; height: 20px; border: #5090b0 1px solid;\" align=\"center\" valign=\"middle\"><span style=\"font-family: verdana, geneva; font-size: 8pt;\">Speranza \u00c1ngel<\/span><\/td>\n<td style=\"width: 45%; height: 20px; border: #5090b0 1px solid;\" align=\"center\" valign=\"middle\"><span style=\"font-family: verdana, geneva;\"><span style=\"font-size: 10.6667px;\">Guitarra<\/span><\/span><\/td>\n<\/tr>\n<tr>\n<td style=\"width: 45%; height: 20px; border: #5090b0 1px solid;\" align=\"center\" valign=\"middle\"><span style=\"font-family: verdana, geneva; font-size: 8pt;\">Stucke Simoni<\/span><\/td>\n<td style=\"width: 45%; height: 20px; border: #5090b0 1px solid;\" align=\"center\" valign=\"middle\"><span style=\"font-family: verdana, geneva; font-size: 8pt;\">Dicci\u00f3n Portuguesa<\/span><\/td>\n<\/tr>\n<tr>\n<td style=\"width: 45%; height: 20px; border: #5090b0 1px solid;\" align=\"center\" valign=\"middle\"><span style=\"font-family: verdana, geneva; font-size: 8pt;\">Silvia Gomez <\/span><\/td>\n<td style=\"width: 45%; height: 20px; border: #5090b0 1px solid;\" align=\"center\" valign=\"middle\"><span style=\"font-family: verdana, geneva; font-size: 8pt;\">Dicci\u00f3n Francesa<\/span><\/td>\n<\/tr>\n<tr>\n<td style=\"width: 45%; height: 20px; border: #5090b0 1px solid;\" align=\"center\" valign=\"middle\"><span style=\"font-family: verdana, geneva; font-size: 8pt;\">Tomasini Carla<\/span><\/td>\n<td style=\"width: 45%; height: 20px; border: #5090b0 1px solid;\" align=\"center\" valign=\"middle\"><span style=\"font-family: verdana, geneva; font-size: 8pt;\">Teor\u00eda del arte II<\/span><\/td>\n<\/tr>\n<tr>\n<td style=\"width: 45%; height: 20px; border: #5090b0 1px solid;\" align=\"center\" valign=\"middle\"><span style=\"font-family: verdana, geneva; font-size: 8pt;\">Torres Pablo<\/span><\/td>\n<td style=\"width: 45%; height: 20px; border: #5090b0 1px solid;\" align=\"center\" valign=\"middle\"><span style=\"font-family: verdana, geneva; font-size: 8pt;\">Elementos I, II, III y IV<br \/>\n<\/span><span style=\"font-family: verdana, geneva; font-size: 8pt;\">Espacio Inst. Alternativo I y II<br \/>\n<\/span><span style=\"font-family: verdana, geneva; font-size: 8pt;\">Lenguaje Musical II y III<br \/>\n<\/span><span style=\"font-family: verdana, geneva; font-size: 8pt;\">Historia Arg. y Lationamericana<\/span><\/td>\n<\/tr>\n<tr>\n<td style=\"width: 45%; height: 20px; border: #5090b0 1px solid;\" align=\"center\" valign=\"middle\"><span style=\"font-family: verdana, geneva; font-size: 8pt;\">Tevez Gustavo<\/span><\/td>\n<td style=\"width: 45%; height: 20px; border: #5090b0 1px solid;\" align=\"center\" valign=\"middle\"><span style=\"font-family: verdana, geneva; font-size: 8pt;\">Saxo<\/span><span style=\"font-family: verdana, geneva; font-size: 8pt; font-weight: inherit;\">Director banda<\/span><\/td>\n<\/tr>\n<tr>\n<td style=\"width: 45%; height: 20px; border: #5090b0 1px solid;\" align=\"center\" valign=\"middle\"><span style=\"font-family: verdana, geneva;\"><span style=\"font-size: 10.6667px;\">Van Donselar Carolina<\/span><\/span><\/td>\n<td style=\"width: 45%; height: 20px; border: #5090b0 1px solid;\" align=\"center\" valign=\"middle\"><span style=\"font-family: verdana, geneva; font-size: 8pt;\">Pr\u00e1ctica docente I<br \/>\n<\/span><span style=\"font-family: verdana, geneva; font-size: 8pt;\">Psicolog\u00eda y cultura PI III<\/span><\/td>\n<\/tr>\n<tr>\n<td style=\"width: 45%; height: 20px; border: #5090b0 1px solid;\" align=\"center\" valign=\"middle\"><span style=\"font-family: verdana, geneva;\"><span style=\"font-size: 10.6667px;\">Yapor Enrique\u00a0<\/span><\/span><\/td>\n<td style=\"width: 45%; height: 20px; border: #5090b0 1px solid;\" align=\"center\" valign=\"middle\"><span style=\"font-family: verdana, geneva; font-size: 8pt;\">Leng. Musical Inic. II<br \/>\nPresp. Filos\u00f3fica Pedag. PI II<br \/>\nTaller de m\u00fasica Popular PI<br \/>\nLenguaje Musical FOBA I<br \/>\nPersp. Pol\u00edtica Instit. PI III<\/span><\/td>\n<\/tr>\n<tr>\n<td style=\"width: 45%; height: 20px; border: #5090b0 1px solid;\" align=\"center\" valign=\"middle\"><span style=\"font-family: verdana, geneva;\"><span style=\"font-size: 10.6667px;\">De Baerdeci Esteban<\/span><\/span><\/td>\n<td style=\"width: 45%; height: 20px; border: #5090b0 1px solid;\" align=\"center\" valign=\"middle\"><span style=\"font-family: verdana, geneva;\"><span style=\"font-size: 10.6667px;\">Pianista acompa\u00f1ante<\/span><\/span><\/td>\n<\/tr>\n<tr>\n<td style=\"width: 45%; height: 20px; border: #5090b0 1px solid;\" align=\"center\" valign=\"middle\"><span style=\"font-family: verdana, geneva;\"><span style=\"font-size: 10.6667px;\">Amilcar Bergera\u00a0<\/span><\/span><\/td>\n<td style=\"width: 45%; height: 20px; border: #5090b0 1px solid;\" align=\"center\" valign=\"middle\"><span style=\"font-family: verdana, geneva; font-size: 8pt;\">Repertorio<br \/>\n<\/span><span style=\"font-family: verdana, geneva; font-size: 8pt;\">Coro de ni\u00f1os<\/span><\/td>\n<\/tr>\n<tr>\n<td style=\"width: 45%; height: 20px; border: #5090b0 1px solid;\" align=\"center\" valign=\"middle\"><\/td>\n<td style=\"width: 45%; height: 20px; border: #5090b0 1px solid;\" align=\"center\" valign=\"middle\"><span style=\"font-family: verdana, geneva; font-size: 8pt;\">\u00a0<\/span><\/td>\n<\/tr>\n<\/tbody>\n<\/table>\n","protected":false},"excerpt":{"rendered":"<p>Docente Espacio Curricular (o Materia) \u00a0Aronna Ivana EDI: Folklore Avelino Mariana Apreciaci\u00f3n musical I Abrego Lautaro Clarinete Bustos Lorena Teor\u00eda del Arte IArtes visuales Boggan Elena Pr\u00e1ctica Esc\u00e9nica I y II Balv\u00e9 Rosina Realizaci\u00f3n Musical Esc\u00e9nica Barbieri Agust\u00edn Percuci\u00f3n (PEM) Percuci\u00f3n Bustos Luciano Arm\u00f3nico Guitarra Barbieri Marcela Piano Flauta traversa Conjunto de C\u00e1mara\u00a0 Gustavo Diderle &#8230; <a title=\"Docentes\" class=\"read-more\" href=\"https:\/\/cwilliams-bue.infd.edu.ar\/sitio\/docentes\/\" aria-label=\"More on Docentes\">[+]<\/a><\/p>\n","protected":false},"author":43,"featured_media":0,"parent":0,"menu_order":0,"comment_status":"closed","ping_status":"closed","template":"","meta":[],"acf":[],"_links":{"self":[{"href":"https:\/\/cwilliams-bue.infd.edu.ar\/sitio\/wp-json\/wp\/v2\/pages\/765"}],"collection":[{"href":"https:\/\/cwilliams-bue.infd.edu.ar\/sitio\/wp-json\/wp\/v2\/pages"}],"about":[{"href":"https:\/\/cwilliams-bue.infd.edu.ar\/sitio\/wp-json\/wp\/v2\/types\/page"}],"author":[{"embeddable":true,"href":"https:\/\/cwilliams-bue.infd.edu.ar\/sitio\/wp-json\/wp\/v2\/users\/43"}],"replies":[{"embeddable":true,"href":"https:\/\/cwilliams-bue.infd.edu.ar\/sitio\/wp-json\/wp\/v2\/comments?post=765"}],"version-history":[{"count":14,"href":"https:\/\/cwilliams-bue.infd.edu.ar\/sitio\/wp-json\/wp\/v2\/pages\/765\/revisions"}],"predecessor-version":[{"id":1432,"href":"https:\/\/cwilliams-bue.infd.edu.ar\/sitio\/wp-json\/wp\/v2\/pages\/765\/revisions\/1432"}],"wp:attachment":[{"href":"https:\/\/cwilliams-bue.infd.edu.ar\/sitio\/wp-json\/wp\/v2\/media?parent=765"}],"curies":[{"name":"wp","href":"https:\/\/api.w.org\/{rel}","templated":true}]}}